{"id":1306,"date":"2019-06-29T09:12:35","date_gmt":"2019-06-29T08:12:35","guid":{"rendered":"http:\/\/www.coma14teatro.dev.cc\/?page_id=1306"},"modified":"2024-02-02T13:53:38","modified_gmt":"2024-02-02T11:53:38","slug":"donde-esta-cuando-ya-no-esta","status":"publish","type":"page","link":"https:\/\/www.coma14teatro.com\/ca\/donde-esta-cuando-ya-no-esta\/","title":{"rendered":"On \u00e9s quan ja no hi \u00e9s?"},"content":{"rendered":"<p>[et_pb_section bb_built=\u00bb1&#8243; disabled_on=\u00bboff|off|off\u00bb _builder_version=\u00bb3.6&#8243; background_image=\u00bbhttp:\/\/www.coma14teatro.dev.cc\/wp-content\/uploads\/2018\/02\/coma14-fondo-1080&#215;1080.jpg\u00bb parallax=\u00bbon\u00bb parallax_method=\u00bboff\u00bb custom_padding=\u00bb0px|0px|0px|0px\u00bb disabled=\u00bboff\u00bb][et_pb_row _builder_version=\u00bb3.6&#8243; background_size=\u00bbinitial\u00bb background_position=\u00bbtop_left\u00bb background_repeat=\u00bbrepeat\u00bb module_alignment=\u00bbcenter\u00bb custom_margin=\u00bb46px||0px|\u00bb][et_pb_column type=\u00bb4_4&#8243;][et_pb_text _builder_version=\u00bb3.6&#8243; custom_margin=\u00bb20px||20px|\u00bb]<\/p>\n<h1><span style=\"font-size: x-large; color: #333333;\"><strong>ON \u00c9S QUAN JA NO HI \u00c9S?<\/strong><\/span><\/h1>\n<p><span style=\"font-size: 16px; color: #d6901e;\">ESTRENAT AL TEATRE PRINCIPAL DE PALMA DE MALLORCA<\/span><\/p>\n<p>[\/et_pb_text][\/et_pb_column][\/et_pb_row][et_pb_row _builder_version=\u00bb3.6&#8243;][et_pb_column type=\u00bb4_4&#8243;][et_pb_code _builder_version=\u00bb3.6&#8243;]&lt;iframe width=\u00bb560&#8243; height=\u00bb315&#8243; src=\u00bbhttps:\/\/www.youtube.com\/embed\/zunBpYGeXT0&#8243; frameborder=\u00bb0&#8243; allow=\u00bbaccelerometer; autoplay; clipboard-write; encrypted-media; gyroscope; picture-in-picture\u00bb allowfullscreen&gt;&lt;\/iframe&gt;[\/et_pb_code][\/et_pb_column][\/et_pb_row][et_pb_row make_equal=\u00bbon\u00bb module_class_1=\u00bbds-vertical-align\u00bb module_class_2=\u00bbds-vertical-align\u00bb _builder_version=\u00bb3.6&#8243; border_color_all=\u00bb#e09900&#8243; module_alignment=\u00bbcenter\u00bb custom_padding=\u00bb20px||20px|\u00bb custom_padding_last_edited=\u00bbon|\u00bb][et_pb_column type=\u00bb2_3&#8243;][et_pb_text module_id=\u00bbds-vertical-align\u00bb module_class=\u00bbds-vertical-align\u00bb _builder_version=\u00bb3.6&#8243;]<\/p>\n<div class=\"page\" title=\"Page 2\">\n<div class=\"layoutArea\">\n<div class=\"column\">\n<h3 style=\"text-align: JUSTIFY;\"><span style=\"font-size: medium; color: #000000;\">Entrar en el traster de casa de la meva padrina \u00e9s com obrir una maleta vella coberta de pols. Aquesta maleta \u00e9s el meu cofre del tresor. Est\u00e0 plena de records, i aquests records s\u00f3n el tresor m\u00e9s valu\u00f3s que posseesc. Mir una fotografia vella i record que la meva padrina em contava hist\u00f2ries de quan era joveneta. Si la hist\u00f2ria transcorria a la platja, la seva mirada s\u2019il\u00b7luminava amb la llum de la mar. El seu davantal em recorda les receptes que preparava en la seva cuina i que despr\u00e9s apuntava delicadament en el seu quadern de notes. <br \/>\n<\/span><span style=\"font-size: medium; color: #000000;\">Hi ha olors d\u2019ingredients que s\u2019impregnen en la mem\u00f2ria. De vegades puc sentir-la cantar preparant algun past\u00eds. Aquest \u00e9s el veritable valor dels records. T\u2019omplen de pau, et calmen i t\u2019acompanyen. <br \/>\nS\u2019enc\u00e9n un llum a l\u2019escenari. Tot est\u00e0 ple de trastos vells coberts de llen\u00e7ols i pols. Nina puja al traster. Qu\u00e8 busca? O, per ventura, s\u00f3n els records qui la busquen a ella? Juguetes de quan era petita, la roba que portava cada dia per anar a l\u2019escola, la seva tassa per berenar, la motxilla de classe&#8230; el davantal de la padrina&#8230; Bussejant en els objectes, Nina reviu els records de petita amb la padrineta. Els records li porten can\u00e7ons, olors, jocs, aventures i tristor. Un dia la padrina no la va despertar. <br \/>\n&#8211; On ets, Abu?- Es demanava de petita. <br \/>\n&#8211; La padrina se n\u2019ha anat de viatge&#8230; molt lluny&#8230; &#8211; va contestar la seva mare.<br \/>\nNina reviur\u00e0 aquell viatge&#8230; un viatge per entendre qu\u00e8 \u00e9s l\u2019abs\u00e8ncia&#8230; un viatge a la recerca d\u2019un tresor\u2026<\/span><\/h3>\n<\/div>\n<\/div>\n<\/div>\n<p>[\/et_pb_text][\/et_pb_column][et_pb_column type=\u00bb1_3&#8243;][et_pb_image src=\u00bbhttp:\/\/www.coma14teatro.com\/wp-content\/uploads\/2020\/07\/Cartel-2020-Caty-ONES-1181&#215;1758.jpg\u00bb show_in_lightbox=\u00bbon\u00bb show_bottom_space=\u00bboff\u00bb align=\u00bbcenter\u00bb module_id=\u00bbds-vertical-align\u00bb module_class=\u00bbds-vertical-align\u00bb _builder_version=\u00bb3.6&#8243; border_width_all=\u00bb1px\u00bb border_color_all=\u00bb#d6901e\u00bb \/][\/et_pb_column][\/et_pb_row][et_pb_row use_custom_width=\u00bbon\u00bb _builder_version=\u00bb3.6&#8243;][et_pb_column type=\u00bb4_4&#8243;][et_pb_accordion icon_color=\u00bb#e09900&#8243; _builder_version=\u00bb3.6&#8243; toggle_font_size=\u00bb12px\u00bb db_initial_state=\u00bball_closed\u00bb][et_pb_accordion_item title=\u00bbDOSSIER I FITXA T\u00c8CNICA\u00bb open=\u00bbon\u00bb _builder_version=\u00bb3.6&#8243; title_text_shadow_horizontal_length=\u00bb0em\u00bb title_text_shadow_vertical_length=\u00bb0em\u00bb title_text_shadow_blur_strength=\u00bb0em\u00bb body_text_shadow_horizontal_length=\u00bb0em\u00bb body_text_shadow_vertical_length=\u00bb0em\u00bb body_text_shadow_blur_strength=\u00bb0em\u00bb custom_margin=\u00bb0px||0px|\u00bb custom_margin_tablet=\u00bb0px||0px|\u00bb custom_margin_phone=\u00bb0px||0px|\u00bb use_background_color_gradient=\u00bboff\u00bb background_color_gradient_start=\u00bb#2b87da\u00bb background_color_gradient_end=\u00bb#29c4a9&#8243; background_color_gradient_type=\u00bblinear\u00bb background_color_gradient_direction=\u00bb180deg\u00bb background_color_gradient_direction_radial=\u00bbcenter\u00bb background_color_gradient_start_position=\u00bb0%\u00bb background_color_gradient_end_position=\u00bb100%\u00bb background_color_gradient_overlays_image=\u00bboff\u00bb parallax=\u00bboff\u00bb parallax_method=\u00bbon\u00bb background_size=\u00bbcover\u00bb background_position=\u00bbcenter\u00bb background_repeat=\u00bbno-repeat\u00bb background_blend=\u00bbnormal\u00bb allow_player_pause=\u00bboff\u00bb background_video_pause_outside_viewport=\u00bbon\u00bb text_shadow_style=\u00bbnone\u00bb box_shadow_style=\u00bbnone\u00bb text_shadow_horizontal_length=\u00bb0em\u00bb text_shadow_vertical_length=\u00bb0em\u00bb text_shadow_blur_strength=\u00bb0em\u00bb]<\/p>\n<p><span style=\"color: #000000;\"><a href=\"http:\/\/www.coma14teatro.com\/wp-content\/uploads\/2021\/03\/Dossier-ON-ES-QUAN-JA-NO-HI-E\u0301S-2021.pdf\" target=\"_blank\" rel=\"noopener noreferrer\"><strong>DOSSIER A4. COMPLET.<\/strong> PDF 1Mb<\/a><br \/>\n<\/span><span style=\"color: #000000;\"><a href=\"http:\/\/www.coma14teatro.com\/wp-content\/uploads\/2021\/03\/Ficha-Te\u0301cnica-OEQJNHE.pdf\" target=\"_blank\" rel=\"noopener noreferrer\"><strong>FITXA T\u00c8CNICA.<\/strong> PDF 785Kb<\/a><\/span><\/p>\n<p>&nbsp;<\/p>\n<p>&nbsp;<\/p>\n<p>[\/et_pb_accordion_item][et_pb_accordion_item title=\u00bbMATERIAL DE PREMSA\u00bb open=\u00bboff\u00bb _builder_version=\u00bb3.6&#8243; title_text_shadow_horizontal_length=\u00bb0em\u00bb title_text_shadow_vertical_length=\u00bb0em\u00bb title_text_shadow_blur_strength=\u00bb0em\u00bb body_text_shadow_horizontal_length=\u00bb0em\u00bb body_text_shadow_vertical_length=\u00bb0em\u00bb body_text_shadow_blur_strength=\u00bb0em\u00bb custom_margin=\u00bb0px||0px|\u00bb use_background_color_gradient=\u00bboff\u00bb background_color_gradient_start=\u00bb#2b87da\u00bb background_color_gradient_end=\u00bb#29c4a9&#8243; background_color_gradient_type=\u00bblinear\u00bb background_color_gradient_direction=\u00bb180deg\u00bb background_color_gradient_direction_radial=\u00bbcenter\u00bb background_color_gradient_start_position=\u00bb0%\u00bb background_color_gradient_end_position=\u00bb100%\u00bb background_color_gradient_overlays_image=\u00bboff\u00bb parallax=\u00bboff\u00bb parallax_method=\u00bbon\u00bb background_size=\u00bbcover\u00bb background_position=\u00bbcenter\u00bb background_repeat=\u00bbno-repeat\u00bb background_blend=\u00bbnormal\u00bb allow_player_pause=\u00bboff\u00bb background_video_pause_outside_viewport=\u00bbon\u00bb text_shadow_style=\u00bbnone\u00bb custom_margin_tablet=\u00bb0px||0px|\u00bb custom_margin_phone=\u00bb0px||0px|\u00bb box_shadow_style=\u00bbnone\u00bb text_shadow_horizontal_length=\u00bb0em\u00bb text_shadow_vertical_length=\u00bb0em\u00bb text_shadow_blur_strength=\u00bb0em\u00bb]<\/p>\n<div class=\"et_pb_toggle et_pb_module et_pb_accordion_item et_pb_accordion_item_1 et_pb_toggle_open\">\n<div class=\"et_pb_toggle_content clearfix\">\n<p><a href=\"https:\/\/mega.nz\/folder\/rlFSWI4J#i-tJ0GnM2nDc3ame4Zgwkw\" target=\"_blank\" rel=\"noopener noreferrer\"><strong>SELECCI\u00d3 FOTOGR\u00c0FICA.<\/strong>\u00a0JPEG 12Mb. 2400\u00d71800. 300ppp<br \/>\n<\/a><a href=\"https:\/\/mega.nz\/file\/G0tDGZTY#65wJD8YKMp20z2t5w0AYFdeHZ2bfhABUVf7XqZRnjd4\" target=\"_blank\" rel=\"noopener noreferrer\"><strong>CARTELL.<\/strong> JPEG 15Mb. A3. 300ppp<\/a><br \/>\n<a href=\"https:\/\/mega.nz\/file\/e181GY7R#J5scwcp6gLpU6HWTbzhi36zMqrmCNF6543v9faqnlL0\" target=\"_blank\" rel=\"noopener noreferrer\"><strong>V\u00cdDEO TEASER. 2 min.<\/strong> D\u00e8scarrega. 20Mb. FHD<\/a><br \/>\n<a href=\"https:\/\/youtu.be\/Oxr5fP4G-Vs\" target=\"_blank\" rel=\"noopener noreferrer\"><strong>LINK YOUTUBE V\u00cdDEO TEASER<\/strong><\/a><\/p>\n<\/div>\n<\/div>\n<div class=\"et_pb_toggle et_pb_module et_pb_accordion_item et_pb_accordion_item_2  et_pb_toggle_close\">\u00a0<\/div>\n<p>[\/et_pb_accordion_item][et_pb_accordion_item title=\u00bbGIRA I VENDA D\u00b4ENTRADES\u00bb open=\u00bboff\u00bb _builder_version=\u00bb3.6&#8243; title_text_shadow_horizontal_length=\u00bb0em\u00bb title_text_shadow_vertical_length=\u00bb0em\u00bb title_text_shadow_blur_strength=\u00bb0em\u00bb body_text_shadow_horizontal_length=\u00bb0em\u00bb body_text_shadow_vertical_length=\u00bb0em\u00bb body_text_shadow_blur_strength=\u00bb0em\u00bb custom_margin=\u00bb0px||0px|\u00bb use_background_color_gradient=\u00bboff\u00bb background_color_gradient_start=\u00bb#2b87da\u00bb background_color_gradient_end=\u00bb#29c4a9&#8243; background_color_gradient_type=\u00bblinear\u00bb background_color_gradient_direction=\u00bb180deg\u00bb background_color_gradient_direction_radial=\u00bbcenter\u00bb background_color_gradient_start_position=\u00bb0%\u00bb background_color_gradient_end_position=\u00bb100%\u00bb background_color_gradient_overlays_image=\u00bboff\u00bb parallax=\u00bboff\u00bb parallax_method=\u00bbon\u00bb background_size=\u00bbcover\u00bb background_position=\u00bbcenter\u00bb background_repeat=\u00bbno-repeat\u00bb background_blend=\u00bbnormal\u00bb allow_player_pause=\u00bboff\u00bb background_video_pause_outside_viewport=\u00bbon\u00bb text_shadow_style=\u00bbnone\u00bb custom_margin_tablet=\u00bb0px||0px|\u00bb custom_margin_phone=\u00bb0px||0px|\u00bb box_shadow_style=\u00bbnone\u00bb text_shadow_horizontal_length=\u00bb0em\u00bb text_shadow_vertical_length=\u00bb0em\u00bb text_shadow_blur_strength=\u00bb0em\u00bb]<\/p>\n<p>2019<\/p>\n<p>Teatre Principal (Escolar). Palma. 11 oct 2019<br class=\"\" \/><br \/>\nTeatre Principal. Palma.\u00a012 oct 2019<br class=\"\" \/><br \/>\nTeatre Principal. Palma.\u00a013 oct 2019<br class=\"\" \/><br \/>\nFeria FIET. Villafranca, Mallorca.\u00a019 oct 2019<br class=\"\" \/><br \/>\nFeria FIET. Villafranca, Mallorca.\u00a019 oct 2019<\/p>\n<p>2020<\/p>\n<p>Teatre Principal. Ma\u00f3. Menorca. 25 ene 2020<br class=\"\" \/><br \/>\nTeatre Municipal. Binissalem, Mallorca.\u00a031 ene 2020<br class=\"\" \/><br \/>\nTeatre cc de Jes\u00fas. Santa Eul\u00e0ria des Riu.\u00a02 ene 2020<br class=\"\" \/><br \/>\nTeatre cc de Jes\u00fas. Santa Eul\u00e0ria des Riu.\u00a03 ene 2020<br class=\"\" \/><br \/>\nFeria FETEN. Gij\u00f3n.\u00a013 feb 2020<br class=\"\" \/><br \/>\nFeria FETEN. Gij\u00f3n.\u00a013 feb 2020<br class=\"\" \/><br \/>\nTeatro del Bosque. M\u00f3stoles.\u00a027 sept 2020<br class=\"\" \/><br \/>\nTeatre Cas Serres. Ibiza.\u00a012 oct 2020<br class=\"\" \/><br \/>\nTeatre Cas Serres (Escolar). Ibiza.\u00a013 oct 2020<br class=\"\" \/><br \/>\nFestival Titirimadro\u00f1o. Teatro cc Eduardo \u00darculo. Madrid.\u00a024 oct 2020<\/p>\n<p>2021<\/p>\n<p>Festival Tot i Molt. Teatre Catalina Valls. Palma, Mallorca. 27 mar 2021<br class=\"\" \/><br \/>\nFestival Tot i Molt. Teatre Catalina Valls. Palma, Mallorca.\u00a028 mar 2021<br class=\"\" \/><br \/>\nTeatre Municipal. Formentera.\u00a02 may 2021<br class=\"\" \/><br \/>\nTeatre Sa Teulera. Andratx.\u00a021 nov 2021<br class=\"\" \/><br \/>\nNave del Duende. Casar de C\u00e1ceres.\u00a04 dic 2021<br class=\"\" \/><br \/>\nTeatro San Francisco. Le\u00f3n.\u00a011 dic 2021<br class=\"\" \/><br \/>\nTeatro San Francisco. Le\u00f3n.\u00a012 dic 2021<\/p>\n<p>2022<\/p>\n<p>Teatro Centro Cord\u00f3n. Aranda de Duero. 2 abr 2022<br class=\"\" \/><br \/>\nAuditorio Carmelo G\u00f3mez. Sahag\u00fan.\u00a08 abr 2022<br class=\"\" \/><br \/>\nFestival de Teresetes. Teatre Sans. Palma. Mallorca.\u00a020 may 2022<br class=\"\" \/><br \/>\nTeatre des Born, Ciutadella. Menorca.\u00a05 jul 2022<\/p>\n<p>2023<\/p>\n<p>Sala Cuarta Pared. Madrid. 22 ene 2023<br class=\"\" \/><br \/>\nAuditori Municipal. Santa Margalida. Mallorca.\u00a04 feb 2023<br class=\"\" \/><br \/>\nTeatro Pilar Miro, Madrid.\u00a011 feb 2023<br class=\"\" \/><br \/>\nTeatro Emilio Gavira, Alc\u00e1zar de San Juan, Toledo.\u00a026 may 2023<\/p>\n<p>[\/et_pb_accordion_item][\/et_pb_accordion][\/et_pb_column][\/et_pb_row][et_pb_row use_custom_width=\u00bbon\u00bb _builder_version=\u00bb3.6&#8243; module_alignment=\u00bbcenter\u00bb use_custom_gutter=\u00bbon\u00bb make_equal=\u00bbon\u00bb custom_padding=\u00bb40px||0px|\u00bb custom_padding_last_edited=\u00bbon|desktop\u00bb][et_pb_column type=\u00bb4_4&#8243;][et_pb_text _builder_version=\u00bb3.6&#8243;]<\/p>\n<p>Col\u00b7labora<\/p>\n<p>[\/et_pb_text][\/et_pb_column][\/et_pb_row][et_pb_row use_custom_width=\u00bbon\u00bb _builder_version=\u00bb3.6&#8243; module_alignment=\u00bbcenter\u00bb use_custom_gutter=\u00bbon\u00bb gutter_width=\u00bb1&#8243; make_equal=\u00bbon\u00bb custom_padding=\u00bb0px|||\u00bb custom_padding_last_edited=\u00bbon|desktop\u00bb custom_padding_tablet=\u00bb0px||30px|\u00bb border_width_all=\u00bb1px\u00bb][et_pb_column type=\u00bb4_4&#8243;][et_pb_gallery _builder_version=\u00bb3.6&#8243; gallery_ids=\u00bb2134,2223,2242,2233,2224,2225,2234,2246,2226,962&#8243; posts_number=\u00bb10&#8243; show_title_and_caption=\u00bboff\u00bb show_pagination=\u00bboff\u00bb db_image_max_height_tablet=\u00bb501&#8243; db_image_object_fit=\u00bbcontain\u00bb zoom_icon_color=\u00bb#d6901e\u00bb hover_overlay_color=\u00bbrgba(255,255,255,0.9)\u00bb db_image_center_titles=\u00bbleft\u00bb custom_css_gallery_item=\u00bbmargin: 0 !important;||width: 10% !important;||clear: none !important;||padding: 10px;||\u00bb custom_css_overlay=\u00bbdisplay: none !important;\u00bb module_class=\u00bbpa-image-gallery-16-9&#8243; custom_padding=\u00bb20px|||\u00bb \/][\/et_pb_column][\/et_pb_row][et_pb_row custom_padding=\u00bb25px|0px|0px|0px\u00bb make_equal=\u00bbon\u00bb module_class_1=\u00bbds-vertical-align\u00bb module_class_2=\u00bbds-vertical-align\u00bb _builder_version=\u00bb3.22&#8243; module_alignment=\u00bbcenter\u00bb][et_pb_column type=\u00bb4_4&#8243;][et_pb_text admin_label=\u00bbTITULO FICHA ARTISTICA ESCRITORIO\u00bb _builder_version=\u00bb3.6&#8243;]<\/p>\n<div class=\"page\" style=\"text-align: justify;\" title=\"Page 2\">\n<div class=\"layoutArea\">\n<div class=\"column\">\n<h3 style=\"text-align: left;\">\u00a0<\/h3>\n<div class=\"page\" title=\"Page 2\">\n<div class=\"layoutArea\">\n<div class=\"column\">\n<h3 style=\"text-align: left;\"><b>FITXA ART\u00cdSTICA<\/b><\/h3>\n<h3 style=\"text-align: left;\">On \u00e9s quan ja no hi \u00e9s?<strong>\u00a0<\/strong><\/h3>\n<\/div>\n<\/div>\n<\/div>\n<\/div>\n<\/div>\n<\/div>\n<p>[\/et_pb_text][\/et_pb_column][\/et_pb_row][et_pb_row][et_pb_column type=\u00bb1_2&#8243;][et_pb_text admin_label=\u00bbFICHA ARTISTICA 1 ESCRITORIO\u00bb _builder_version=\u00bb3.6&#8243; custom_padding=\u00bb|||15px\u00bb]<\/p>\n<h1><span style=\"color: #000000; font-size: 20px; line-heignt: 1;\">Dramat\u00fargia<strong><\/p>\n<p>Tolo Ferr\u00e0<br \/>\nJorge Navarro de Lemus<br \/>\n<\/strong><\/span><\/h1>\n<h1><span style=\"color: #000000; font-size: 20px; line-heignt: 1;\">Direcci\u00f3<br \/>\n<strong>Tolo Ferr\u00e0<\/strong><\/span><\/h1>\n<h1><span style=\"color: #000000; font-size: 20px; line-heignt: 1;\">Int\u00e8rprets i manipulaci\u00f3 d&#8217;objectes<br \/>\n<strong>Vera Gonz\u00e1lez<br \/>\nXisca Ferr\u00e0<br \/>\n<\/strong><\/span><\/h1>\n<h1><span style=\"color: #000000; font-size: 20px; line-heignt: 1;\">Veu off de la abuela<br \/>\n<strong>Ana Mar\u00eda Mar\u00ed<\/strong><\/span><\/h1>\n<h1><span style=\"color: #000000; font-size: 20px;\">Escenografia i titelles<br \/>\n<\/span><strong style=\"color: #000000; font-size: 20px;\">Susana de U\u00f1a<\/strong><\/h1>\n<h1><span style=\"color: #000000; font-size: 20px; line-heignt: 1;\">Il\u00b7luminaci\u00f3<br \/>\n<strong>Roberto Cerd\u00e1<\/strong><\/span><\/h1>\n<p>[\/et_pb_text][\/et_pb_column][et_pb_column type=\u00bb1_2&#8243;][et_pb_text admin_label=\u00bbFICHA ARTISTICA 2 ESCRITORIO\u00bb _builder_version=\u00bb3.6&#8243; custom_margin=\u00bb|||\u00bb custom_padding=\u00bb|||15px\u00bb]<\/p>\n<h1><span style=\"color: #000000; font-size: 20px; line-heignt: 1;\">Vestuari<br \/>\n<strong>Marta Alonso<\/strong><\/span><\/h1>\n<h1><span style=\"color: #000000; font-size: 20px; line-height: 1;\">M\u00fasica original<strong> <br \/>\nIv\u00e1n Palomares<\/strong><br \/>\n<\/span><\/h1>\n<h1><span style=\"color: #000000; font-size: 20px; line-heignt: 1;\">Espai sonor en directe<strong> <br \/>\nOdin Kaban<\/strong><br \/>\n<\/span><\/h1>\n<h1><span style=\"color: #000000; font-size: 20px; line-heignt: 1;\">Coreografia<br \/>\n<strong>Marta G\u00f3mez<\/strong><br \/>\n<\/span><\/h1>\n<h1><span style=\"color: #000000; font-size: 20px; line-heignt: 1;\">V\u00eddeo<br \/>\n<strong>Tolo Ferr\u00e0<\/strong><br \/>\n<\/span><\/h1>\n<h1><span style=\"color: #000000; font-size: 20px; line-heignt: 1;\">Ajudant de direcci\u00f3<br \/>\n<strong>Raquel Alonso<\/strong><br \/>\n<\/span><\/h1>\n<h1><span style=\"color: #000000; font-size: 20px; line-heignt: 1;\">T\u00e8cnic de llums<br \/>\n<strong>Enrique Chueca<\/strong><\/span><\/h1>\n<p>[\/et_pb_text][\/et_pb_column][\/et_pb_row][et_pb_row _builder_version=\u00bb3.6&#8243; custom_padding=\u00bb20px||40px|\u00bb][et_pb_column type=\u00bb4_4&#8243;][et_pb_gallery gallery_ids=\u00bb1860,1858,1966,1965,1964,1963,1962,1961&#8243; _builder_version=\u00bb3.6&#8243; auto=\u00bbon\u00bb auto_speed=\u00bb5000&#8243; db_image_max_width_tablet=\u00bb51&#8243; db_image_max_height_tablet=\u00bb501&#8243; db_image_row_spacing_tablet=\u00bb51&#8243; db_image_object_fit=\u00bbinitial\u00bb zoom_icon_color=\u00bb#d6901e\u00bb hover_overlay_color=\u00bbrgba(255,255,255,0.9)\u00bb db_image_center_titles=\u00bbleft\u00bb show_title_and_caption=\u00bboff\u00bb show_pagination=\u00bboff\u00bb posts_number=\u00bb8&#8243; orientation=\u00bbportrait\u00bb \/][\/et_pb_column][\/et_pb_row][\/et_pb_section]<\/p>\n","protected":false},"excerpt":{"rendered":"<p>[et_pb_section bb_built=\u00bb1&#8243; disabled_on=\u00bbon|on|off\u00bb _builder_version=\u00bb3.6&#8243; background_image=\u00bbhttp:\/\/www.coma14teatro.dev.cc\/wp-content\/uploads\/2018\/02\/coma14-fondo-1080&#215;1080.jpg\u00bb parallax=\u00bbon\u00bb parallax_method=\u00bboff\u00bb custom_padding=\u00bb0px|0px|0px|0px\u00bb][e&#8230;<\/p>\n","protected":false},"author":1,"featured_media":0,"parent":0,"menu_order":0,"comment_status":"closed","ping_status":"closed","template":"","meta":{"footnotes":""},"aioseo_notices":[],"_links":{"self":[{"href":"https:\/\/www.coma14teatro.com\/ca\/wp-json\/wp\/v2\/pages\/1306"}],"collection":[{"href":"https:\/\/www.coma14teatro.com\/ca\/wp-json\/wp\/v2\/pages"}],"about":[{"href":"https:\/\/www.coma14teatro.com\/ca\/wp-json\/wp\/v2\/types\/page"}],"author":[{"embeddable":true,"href":"https:\/\/www.coma14teatro.com\/ca\/wp-json\/wp\/v2\/users\/1"}],"replies":[{"embeddable":true,"href":"https:\/\/www.coma14teatro.com\/ca\/wp-json\/wp\/v2\/comments?post=1306"}],"version-history":[{"count":286,"href":"https:\/\/www.coma14teatro.com\/ca\/wp-json\/wp\/v2\/pages\/1306\/revisions"}],"predecessor-version":[{"id":2507,"href":"https:\/\/www.coma14teatro.com\/ca\/wp-json\/wp\/v2\/pages\/1306\/revisions\/2507"}],"wp:attachment":[{"href":"https:\/\/www.coma14teatro.com\/ca\/wp-json\/wp\/v2\/media?parent=1306"}],"curies":[{"name":"wp","href":"https:\/\/api.w.org\/{rel}","templated":true}]}}