{"id":1304,"date":"2019-06-29T09:10:43","date_gmt":"2019-06-29T08:10:43","guid":{"rendered":"http:\/\/www.coma14teatro.dev.cc\/?page_id=1304"},"modified":"2024-02-02T12:55:46","modified_gmt":"2024-02-02T10:55:46","slug":"1940-manuscrito-encontrado-en-el-olvido","status":"publish","type":"page","link":"https:\/\/www.coma14teatro.com\/ca\/1940-manuscrito-encontrado-en-el-olvido\/","title":{"rendered":"1940 Manuscrit trobat a l\u00b4oblit"},"content":{"rendered":"<p>[et_pb_section bb_built=\u00bb1&#8243; disabled_on=\u00bboff|off|off\u00bb _builder_version=\u00bb3.6&#8243; background_image=\u00bbhttp:\/\/www.coma14teatro.dev.cc\/wp-content\/uploads\/2018\/02\/coma14-fondo-1080&#215;1080.jpg\u00bb parallax=\u00bbon\u00bb parallax_method=\u00bboff\u00bb custom_padding=\u00bb0px|0|0px|0px|false|false\u00bb][et_pb_row custom_padding=\u00bb46px|0px|0px|0px\u00bb _builder_version=\u00bb3.0.74&#8243; module_alignment=\u00bbcenter\u00bb][et_pb_column type=\u00bb4_4&#8243;][et_pb_text admin_label=\u00bbTexto catal\u00e1\u00bb _builder_version=\u00bb3.6&#8243; custom_margin=\u00bb20px||20px|\u00bb]<\/p>\n<h1><span style=\"font-size: x-large; color: #333333;\"><strong>1940 MANUSCRIT TROBAT A L\u00b4OBLIT<\/strong><\/span><\/h1>\n<p>[\/et_pb_text][\/et_pb_column][\/et_pb_row][et_pb_row custom_padding=\u00bb0px|0px|25.5781px|0px\u00bb _builder_version=\u00bb3.0.74&#8243;][et_pb_column type=\u00bb4_4&#8243;][et_pb_code _builder_version=\u00bb3.6&#8243;]&lt;iframe width=\u00bb560&#8243; height=\u00bb315&#8243; src=\u00bbhttps:\/\/www.youtube.com\/embed\/PILetk-eGBM\u00bb frameborder=\u00bb0&#8243; allow=\u00bbaccelerometer; autoplay; clipboard-write; encrypted-media; gyroscope; picture-in-picture\u00bb allowfullscreen&gt;&lt;\/iframe&gt;[\/et_pb_code][\/et_pb_column][\/et_pb_row][et_pb_row custom_padding=\u00bb45px|0px|25.5781px|0px\u00bb _builder_version=\u00bb3.6&#8243; custom_padding_tablet=\u00bb0px|0px|25.5781px|0px\u00bb custom_padding_last_edited=\u00bbon|desktop\u00bb][et_pb_column type=\u00bb1_2&#8243;][et_pb_testimonial author=\u00bbJulio Salvatierra\u00bb job_title=\u00bbAcad\u00e9mico de las Artes Esc\u00e9nicas de Espa\u00f1a. Autor, Premio Ojo Cr\u00edtico de Teatro en 2006, Premio Nacional de Teatro en Portugal, varias nominaciones a los Premios Max con su compa\u00f1\u00eda Teatro Meridional\u00bb company_name=\u00bbBlog &#8211; Hablemos de teatro.\u00bb url_new_window=\u00bbon\u00bb _builder_version=\u00bb3.6&#8243; box_shadow_style=\u00bbpreset2&#8243; body_font=\u00bb||||||||\u00bb url=\u00bbhttps:\/\/juliosalvatierra.com\/2019\/02\/05\/1940-manuscrito-encontrado-en-el-olvido\/\u00bb]<\/p>\n<p style=\"text-align: center;\"><strong>\u00abUn p\u00fablico enmudecido por una historia que le atrapa. Excepcionalmente recomendable.\u00bb<\/strong><\/p>\n<p>[\/et_pb_testimonial][et_pb_testimonial author=\u00bbJes\u00fas Aus\u00edn\u00bb job_title=\u00bbEscritor, periodista\u00bb company_name=\u00bb- Diario 16.\u00bb url_new_window=\u00bbon\u00bb _builder_version=\u00bb3.6&#8243; box_shadow_style=\u00bbpreset2&#8243; body_font=\u00bb||||||||\u00bb url=\u00bbhttps:\/\/diario16.com\/los-girasoles-ciegos\/\u00bb]<\/p>\n<p style=\"text-align: center;\"><strong>\u00abLos actores est\u00e1n soberbios. Cuando sales de la funci\u00f3n muchos creen que lo que han visto es real.\u00bb<\/strong><\/p>\n<p>[\/et_pb_testimonial][et_pb_testimonial author=\u00bbMayte Rodr\u00edguez\u00bb job_title=\u00bbCr\u00edtica teatral\u00bb company_name=\u00bb- Vista teatral.\u00bb url_new_window=\u00bbon\u00bb _builder_version=\u00bb3.6&#8243; box_shadow_style=\u00bbpreset2&#8243; url=\u00bbhttp:\/\/www.vistateatral.com\/2019\/02\/1940manuscrito-encontrado-en-el-olvido.html\u00bb quote_icon_background_color=\u00bb#f5f5f5&#8243;]<\/p>\n<p style=\"text-align: center;\"><strong>\u00abIntensamente recomendable. Desgarradores primeros planos.<br \/>\nHipn\u00f3tico espacio sonoro.\u00bb<\/strong><\/p>\n<p>[\/et_pb_testimonial][\/et_pb_column][et_pb_column type=\u00bb1_2&#8243;][et_pb_testimonial author=\u00bbJos\u00e9 Miguel Vila\u00bb job_title=\u00bbPeriodista y escritor. Ha trabajado y colaborado en agencias de prensa, diarios y revistas, Gabinetes de Prensa y en cadenas de radio (Onda Cero, Radio Nacional de Espa\u00f1a e Intereconom\u00eda). Columnista y cr\u00edtico teatral\u00bb company_name=\u00bb- Diario Cr\u00edtico.\u00bb url_new_window=\u00bbon\u00bb _builder_version=\u00bb3.6&#8243; box_shadow_style=\u00bbpreset2&#8243; body_font=\u00bb||||||||\u00bb url=\u00bbhttps:\/\/www.diariocritico.com\/teatro\/critica-1940-manuscrito-encontrado-en-el-olvido-infame-turba-de-nocturnas-aves\u00bb]<\/p>\n<p style=\"text-align: center;\"><strong>\u00abSu factura es sencillamente deliciosa, redonda, contundente.<br \/>\n<\/strong><strong>Absolutamente imprescindible.\u00bb<\/strong><\/p>\n<p>[\/et_pb_testimonial][et_pb_testimonial author=\u00bbInmaculada Fern\u00e1ndez\u00bb job_title=\u00bbCr\u00edtica teatral\u00bb company_name=\u00bb- Teatro Madrid.\u00bb url_new_window=\u00bbon\u00bb _builder_version=\u00bb3.6&#8243; box_shadow_style=\u00bbpreset2&#8243; body_font=\u00bb||||||||\u00bb url=\u00bbhttps:\/\/teatromadrid.com\/recomendacion\/1940-manuscrito-encontrado-en-el-olvido-inmaculada-fernandez-villalba-2-43466&#8243;]<\/p>\n<p style=\"text-align: center;\"><strong>\u00abUna puesta en escena intensa, pl\u00e1stica, que nos sumerge en una atm\u00f3sfera agobiante de desesperaci\u00f3n, fr\u00edo y soledad.<\/strong><strong>\u00ab<\/strong><\/p>\n<p>[\/et_pb_testimonial][et_pb_testimonial author=\u00bbEstrella Savir\u00f3n\u00bb job_title=\u00bbPeriodista\u00bb company_name=\u00bb- A golpe de efecto.\u00bb url_new_window=\u00bbon\u00bb _builder_version=\u00bb3.6&#8243; box_shadow_style=\u00bbpreset2&#8243; body_font=\u00bb||||||||\u00bb url=\u00bbhttps:\/\/www.agolpedeefecto.com\/teatro_2019\/teatro-1940-manuscrito-encontrado-en-el-olvido.html\u00bb]<\/p>\n<p style=\"text-align: center;\"><strong>\u00abExcelente trabajo actoral. Directo al coraz\u00f3n<br \/>\n<\/strong><strong>del espectador.\u00bb<\/strong><\/p>\n<p>[\/et_pb_testimonial][\/et_pb_column][\/et_pb_row][et_pb_row custom_padding=\u00bb|||\u00bb make_equal=\u00bbon\u00bb module_id_1=\u00bbds-vertical-align\u00bb module_id_2=\u00bbds-vertical-align\u00bb module_class_1=\u00bbds-vertical-align\u00bb module_class_2=\u00bbds-vertical-align\u00bb _builder_version=\u00bb3.6&#8243; module_alignment=\u00bbcenter\u00bb][et_pb_column type=\u00bb2_3&#8243;][et_pb_text admin_label=\u00bbTexto escritorio manuscrito sinopsis\u00bb module_id=\u00bbds-vertical-align\u00bb module_class=\u00bbds-vertical-align\u00bb _builder_version=\u00bb3.6&#8243; custom_margin=\u00bb|||\u00bb]<\/p>\n<div class=\"page\" title=\"Page 2\">\n<div class=\"layoutArea\">\n<div class=\"column\">\n<h3 style=\"text-align: JUSTIFY;\"><span style=\"font-size: medium; color: #000000;\">A \u201c1940 Manuscrit trobat a l\u2019oblit\u201d narrem la hist\u00f2ria d\u2019una parella de joves que fugen de Madrid al final de la Guerra Civil estant ella embarassada de vuit mesos. El part esdev\u00e9 durant la partida a l\u2019hivern que va del 1939 al 1940 a les muntanyes que separen Ast\u00faries de Le\u00f3n.<\/span><\/h3>\n<h3 style=\"text-align: justify;\"><span style=\"font-size: medium; color: #000000;\">La hist\u00f2ria ha pogut ser coneguda gr\u00e0cies al fet que es va trobar un quadern en una cabana en meitat dels Alts de Somiedo. Ho va trobar un pastor l\u2019any 1940 i fou escrit en primera persona per el mateix protagonista de la hist\u00f2ria. Aquest quadern va acabar als Arxius Generals de la Gu\u00e0rdia Civil al costat d\u2019un atestat dintre un sobre que tenia escrites les inicials D.D. (Difunt Desaparegut).<\/span><\/h3>\n<h3 style=\"text-align: justify;\"><span style=\"font-size: medium; color: #000000;\">La posada en escena s\u2019emmarca en una suposada confer\u00e8ncia: Jornades d\u2019Estudi sobre \u201cLos girasoles ciegos\u201d, de Alberto M\u00e9ndez. L\u2019investigador\/fil\u00f2leg\/conferenciant, que rep a l\u2019espectador, ens endinsar\u00e0 a l\u2019univers de l\u2019autor i de la seva obra \u201cSegunda derrota: 1940\u201d.<\/span><\/h3>\n<h3 style=\"text-align: justify;\"><span style=\"font-size: medium;\"><span style=\"color: #000000;\">A partir de la seva investigaci\u00f3 realitzada sobre el relat de Alberto M\u00e9ndez comparant-ho amb el quadern original extret dels arxius de la Gu\u00e0rdia Civil, coneixerem durant la lectura del manuscrit, el que va esdevenir dins la cabana els mesos posteriors al naixement de la criatura.<\/span> <\/span><\/h3>\n<\/div>\n<\/div>\n<\/div>\n<p>[\/et_pb_text][\/et_pb_column][et_pb_column type=\u00bb1_3&#8243;][et_pb_image admin_label=\u00bbcartel escritorio\u00bb src=\u00bbhttp:\/\/www.coma14teatro.com\/wp-content\/uploads\/2021\/10\/Cartel-Manuscrito-ene-2019.jpg\u00bb show_in_lightbox=\u00bbon\u00bb show_bottom_space=\u00bboff\u00bb align=\u00bbcenter\u00bb module_id=\u00bbds-vertical-alig\u00bb module_class=\u00bbds-vertical-alig\u00bb _builder_version=\u00bb3.6&#8243; border_width_all=\u00bb1px\u00bb border_color_all=\u00bb#d6901e\u00bb custom_margin=\u00bb|||\u00bb use_border_color=\u00bbon\u00bb border_color=\u00bb#0c0c0c\u00bb custom_padding=\u00bb|||40px\u00bb custom_padding_tablet=\u00bb||20px|0px\u00bb custom_padding_last_edited=\u00bbon|desktop\u00bb \/][\/et_pb_column][\/et_pb_row][et_pb_row use_custom_width=\u00bbon\u00bb _builder_version=\u00bb3.0.74&#8243;][et_pb_column type=\u00bb4_4&#8243;][et_pb_accordion icon_color=\u00bb#e09900&#8243; _builder_version=\u00bb3.6&#8243; toggle_font_size=\u00bb12px\u00bb db_initial_state=\u00bball_closed\u00bb][et_pb_accordion_item title=\u00bbDOSSIER I FITXA T\u00c8CNICA\u00bb open=\u00bbon\u00bb _builder_version=\u00bb3.6&#8243; title_text_shadow_horizontal_length=\u00bb0em\u00bb title_text_shadow_vertical_length=\u00bb0em\u00bb title_text_shadow_blur_strength=\u00bb0em\u00bb body_text_shadow_horizontal_length=\u00bb0em\u00bb body_text_shadow_vertical_length=\u00bb0em\u00bb body_text_shadow_blur_strength=\u00bb0em\u00bb custom_margin=\u00bb0px||0px|\u00bb custom_margin_tablet=\u00bb0px||0px|\u00bb custom_margin_phone=\u00bb0px||0px|\u00bb use_background_color_gradient=\u00bboff\u00bb background_color_gradient_start=\u00bb#2b87da\u00bb background_color_gradient_end=\u00bb#29c4a9&#8243; background_color_gradient_type=\u00bblinear\u00bb background_color_gradient_direction=\u00bb180deg\u00bb background_color_gradient_direction_radial=\u00bbcenter\u00bb background_color_gradient_start_position=\u00bb0%\u00bb background_color_gradient_end_position=\u00bb100%\u00bb background_color_gradient_overlays_image=\u00bboff\u00bb parallax=\u00bboff\u00bb parallax_method=\u00bbon\u00bb background_size=\u00bbcover\u00bb background_position=\u00bbcenter\u00bb background_repeat=\u00bbno-repeat\u00bb background_blend=\u00bbnormal\u00bb allow_player_pause=\u00bboff\u00bb background_video_pause_outside_viewport=\u00bbon\u00bb text_shadow_style=\u00bbnone\u00bb box_shadow_style=\u00bbnone\u00bb text_shadow_horizontal_length=\u00bb0em\u00bb text_shadow_vertical_length=\u00bb0em\u00bb text_shadow_blur_strength=\u00bb0em\u00bb]<\/p>\n<p><span style=\"color: #000000;\"><a href=\"http:\/\/www.coma14teatro.com\/wp-content\/uploads\/2021\/03\/Dossier-Manuscrito-ene19.pdf\" target=\"_blank\" rel=\"noopener noreferrer\"><strong>DOSSIER A4. COMPLET.<\/strong> PDF 4Mb<\/a><br \/>\n<\/span><span style=\"color: #000000;\"><a href=\"http:\/\/www.coma14teatro.com\/wp-content\/uploads\/2021\/03\/Ficha-Te\u0301cnica-MANUSCRITO.pdf\" target=\"_blank\" rel=\"noopener noreferrer\"><strong>FITXA T\u00c8CNICA.<\/strong> PDF 2Mb<\/a><\/span><\/p>\n<p>[\/et_pb_accordion_item][et_pb_accordion_item title=\u00bbMATERIAL DE PREMSA, CR\u00cdTIQUES I OPINIONS\u00bb open=\u00bboff\u00bb _builder_version=\u00bb3.6&#8243; title_text_shadow_horizontal_length=\u00bb0em\u00bb title_text_shadow_vertical_length=\u00bb0em\u00bb title_text_shadow_blur_strength=\u00bb0em\u00bb body_text_shadow_horizontal_length=\u00bb0em\u00bb body_text_shadow_vertical_length=\u00bb0em\u00bb body_text_shadow_blur_strength=\u00bb0em\u00bb custom_margin=\u00bb0px||0px|\u00bb use_background_color_gradient=\u00bboff\u00bb background_color_gradient_start=\u00bb#2b87da\u00bb background_color_gradient_end=\u00bb#29c4a9&#8243; background_color_gradient_type=\u00bblinear\u00bb background_color_gradient_direction=\u00bb180deg\u00bb background_color_gradient_direction_radial=\u00bbcenter\u00bb background_color_gradient_start_position=\u00bb0%\u00bb background_color_gradient_end_position=\u00bb100%\u00bb background_color_gradient_overlays_image=\u00bboff\u00bb parallax=\u00bboff\u00bb parallax_method=\u00bbon\u00bb background_size=\u00bbcover\u00bb background_position=\u00bbcenter\u00bb background_repeat=\u00bbno-repeat\u00bb background_blend=\u00bbnormal\u00bb allow_player_pause=\u00bboff\u00bb background_video_pause_outside_viewport=\u00bbon\u00bb text_shadow_style=\u00bbnone\u00bb custom_margin_tablet=\u00bb0px||0px|\u00bb custom_margin_phone=\u00bb0px||0px|\u00bb box_shadow_style=\u00bbnone\u00bb text_shadow_horizontal_length=\u00bb0em\u00bb text_shadow_vertical_length=\u00bb0em\u00bb text_shadow_blur_strength=\u00bb0em\u00bb]<\/p>\n<p><span style=\"color: #000000;\"><a href=\"http:\/\/www.coma14teatro.com\/wp-content\/uploads\/2021\/03\/dossier-prensa-1940-MANUSCRITO-ENCONTRADO-EN-EL-OLVIDO.pdf\" target=\"_blank\" rel=\"noopener noreferrer\"><strong>DOSSIER DE PREMSA A4. COMPLET.<\/strong> PDF 2,5Mb<br \/>\n<\/a><a href=\"https:\/\/mega.nz\/#F!34MjkKpB!90C7k-_sWfkdgSh-C1F9Cg\" target=\"_blank\" rel=\"noopener noreferrer\"><strong>SELECCI\u00d3 FOTOGR\u00c0FICA.<\/strong> JPEG 12Mb. 2400&#215;1800. 300ppp<br \/>\n<\/a><\/span><a href=\"https:\/\/mega.nz\/file\/rwMmHZ7K#adzDwF3UDLpJBs74ejPeyjjZkIDNpJ2A3hm-eMhzbds\" target=\"_blank\" rel=\"noopener noreferrer\"><strong>CARTELL.<\/strong> JPEG 2Mb. 1800&#215;2750. 300ppp<\/a><br \/>\n<a href=\"https:\/\/mega.nz\/file\/LsFwDD4Q#dpyDM7L-9ZMKJzPK_50aizKtCEEglEAhVtzl6SiBXsU\" target=\"_blank\" rel=\"noopener noreferrer\"><strong>PROGRAMA DE M\u00c0.<\/strong>9,9x21cm<strong>.<\/strong> PDF 2Mb<\/a><span style=\"color: #000000;\"><br \/>\n<a href=\"https:\/\/mega.nz\/file\/OgMz1QgQ#fEZzSmeIPHfxWZXTvr61LXloaZyjDOFKmavjD9uNG0A\" target=\"_blank\" rel=\"noopener noreferrer\"><strong>V\u00cdDEO TEASER. 2 min.<\/strong>\u00a0DESCARGA. 20Mb. FHD<\/a><br \/>\n<a href=\"https:\/\/youtu.be\/PILetk-eGBM\" target=\"_blank\" rel=\"noopener noreferrer\"><strong>LINK YOUTUBE V\u00cdDEO TEASER<\/strong><\/a><\/span><\/p>\n<p>[\/et_pb_accordion_item][et_pb_accordion_item title=\u00bbGIRA I VENDA D&#8217;ENTRADES\u00bb open=\u00bboff\u00bb _builder_version=\u00bb3.6&#8243; title_text_shadow_horizontal_length=\u00bb0em\u00bb title_text_shadow_vertical_length=\u00bb0em\u00bb title_text_shadow_blur_strength=\u00bb0em\u00bb body_text_shadow_horizontal_length=\u00bb0em\u00bb body_text_shadow_vertical_length=\u00bb0em\u00bb body_text_shadow_blur_strength=\u00bb0em\u00bb custom_margin=\u00bb0px||0px|\u00bb use_background_color_gradient=\u00bboff\u00bb background_color_gradient_start=\u00bb#2b87da\u00bb background_color_gradient_end=\u00bb#29c4a9&#8243; background_color_gradient_type=\u00bblinear\u00bb background_color_gradient_direction=\u00bb180deg\u00bb background_color_gradient_direction_radial=\u00bbcenter\u00bb background_color_gradient_start_position=\u00bb0%\u00bb background_color_gradient_end_position=\u00bb100%\u00bb background_color_gradient_overlays_image=\u00bboff\u00bb parallax=\u00bboff\u00bb parallax_method=\u00bbon\u00bb background_size=\u00bbcover\u00bb background_position=\u00bbcenter\u00bb background_repeat=\u00bbno-repeat\u00bb background_blend=\u00bbnormal\u00bb allow_player_pause=\u00bboff\u00bb background_video_pause_outside_viewport=\u00bbon\u00bb text_shadow_style=\u00bbnone\u00bb custom_margin_tablet=\u00bb0px||0px|\u00bb custom_margin_phone=\u00bb0px||0px|\u00bb box_shadow_style=\u00bbnone\u00bb text_shadow_horizontal_length=\u00bb0em\u00bb text_shadow_vertical_length=\u00bb0em\u00bb text_shadow_blur_strength=\u00bb0em\u00bb]<\/p>\n<p><span style=\"color: #d6901e;\"><strong>2021<\/strong><\/span><\/p>\n<p><span style=\"color: #000000;\">26 de noviembre<strong>.<\/strong><\/span><strong><span style=\"color: #d6901e;\"> Elvas, Cine Teatro, Portugal.<\/span><\/strong><\/p>\n<p><span style=\"color: #000000;\">12 de noviembre<strong>.<\/strong><\/span><strong><span style=\"color: #d6901e;\"> \u00c1vila.<\/span><\/strong><\/p>\n<p><span style=\"color: #000000;\">2 de octubre<strong>.<\/strong><strong><span style=\"color: #d6901e;\"> Madrid, Teatro del Barrio.<\/span><\/strong><\/span><\/p>\n<p><span style=\"color: #000000;\">26 de septiembre<strong>.<\/strong><strong><span style=\"color: #d6901e;\"> Madrid, Teatro del Barrio.<\/span><\/strong><\/span><\/p>\n<p><span style=\"color: #000000;\">19 de septiembre<strong>.<\/strong><\/span><strong><span style=\"color: #d6901e;\"> Madrid, Teatro del Barrio.<\/span><\/strong><\/p>\n<p><span style=\"color: #000000;\">12 de septiembre<strong>.<\/strong><\/span><strong><span style=\"color: #d6901e;\"> Madrid, Teatro del Barrio.<\/span><\/strong><\/p>\n<p><span style=\"color: #000000;\">5 de septiembre<strong>.<\/strong><\/span><strong><span style=\"color: #d6901e;\"> Madrid, Teatro del Barrio.<\/span><\/strong><\/p>\n<p><span style=\"color: #000000;\">4 de septiembre<strong>.<\/strong><\/span><strong><span style=\"color: #d6901e;\"> Sahag\u00fan, Le\u00f3n.<\/span><\/strong><\/p>\n<p><span style=\"color: #000000;\">20 de marzo<strong>.<\/strong><strong><span style=\"color: #d6901e;\"> Le\u00f3n, Teatro Alb\u00e9itar ULE.<\/span><\/strong><\/span><\/p>\n<p><span style=\"color: #d6901e;\"><strong>2019<\/strong> <\/span><\/p>\n<p><span style=\"color: #000000;\">1, 8, 15, 22 y 29 de diciembre<strong>.<\/strong><strong><span style=\"color: #d6901e;\"> Madrid, Teatro del Barrio.<\/span><\/strong><\/span><\/p>\n<p><span style=\"color: #000000;\">7, 14, 21 y 28 de noviembre<strong>.<\/strong><strong><span style=\"color: #d6901e;\"> Madrid, Teatro del Barrio.<\/span><\/strong><\/span><\/p>\n<p><span style=\"color: #000000;\">30 de noviembre. <strong><span style=\"color: #d6901e;\">Haro, Logro\u00f1o, Teatro Bret\u00f3n de los Herreros. <\/span><\/strong><\/span><\/p>\n<p><span style=\"color: #000000;\">1, 8, 15, 22\u00a0 y 29 de diciembre<strong>.<\/strong><strong><span style=\"color: #d6901e;\"> Madrid, Teatro del Barrio.<\/span><\/strong><\/span><\/p>\n<p><span style=\"color: #000000;\">1 y 2 de junio.<\/span><strong style=\"color: #000000;\"><span style=\"color: #d6901e;\"> Madrid, Teatro del Barrio.<\/span><\/strong><\/p>\n<p><span style=\"color: #000000;\">25 de abril.<\/span><strong style=\"color: #000000;\"><span style=\"color: #d6901e;\"> \u00c1vila, Lienzo Norte.<\/span><\/strong><\/p>\n<p><span style=\"color: #000000;\">17, 18, 19 y 20 de abril.<\/span><strong style=\"color: #000000;\"><span style=\"color: #d6901e;\"> Madrid, Teatro del Barrio.<\/span><\/strong><\/p>\n<p><span style=\"color: #000000;\">1 y 2 de febrero.<\/span><strong style=\"color: #000000;\"><span style=\"color: #d6901e;\"> Madrid, Teatro del Barrio.<\/span><\/strong><\/p>\n<p><span style=\"color: #000000;\">10,11,12 y 31 de enero.<\/span><strong><span style=\"color: #d6901e;\"> Madrid, Teatro del Barrio.<\/span><\/strong><\/p>\n<p><span style=\"color: #d6901e;\"><strong>2018<\/strong><\/span><\/p>\n<p><span style=\"color: #000000;\">20 de octubre.<\/span><strong><span style=\"color: #d6901e;\"> Aranjuez, Nave de Cambaleo.<\/span><\/strong><\/p>\n<p><span style=\"color: #000000;\">26 de enero.<\/span><strong><span style=\"color: #d6901e;\"> MADFERIA (Work in progress) Madrid, Nave de Terneras.<\/span><\/strong><\/p>\n<p>[\/et_pb_accordion_item][\/et_pb_accordion][\/et_pb_column][\/et_pb_row][et_pb_row custom_padding=\u00bb19px|0px|23px|\u00bb custom_padding_tablet=\u00bb35px||0|0px|false|false\u00bb custom_padding_phone=\u00bb35px|||0px\u00bb make_equal=\u00bbon\u00bb custom_padding_last_edited=\u00bbon|phone\u00bb background_color_gradient_start_1=\u00bb#ffffff\u00bb background_color_gradient_start_2=\u00bb#d6901e\u00bb background_color_gradient_end_1=\u00bb#d6901e\u00bb background_color_gradient_end_2=\u00bb#ffffff\u00bb background_color_gradient_direction_1=\u00bb90deg\u00bb background_color_gradient_direction_2=\u00bb90deg\u00bb background_color_gradient_start_position_1=\u00bb99%\u00bb background_color_gradient_end_position_2=\u00bb1%\u00bb padding_right_2=\u00bb50px\u00bb padding_2_tablet=\u00bb|0px||\u00bb padding_2_last_edited=\u00bbon|desktop\u00bb module_class_1=\u00bbds-vertical-align\u00bb module_class_2=\u00bbds-vertical-align\u00bb module_class_3=\u00bbds-vertical-align\u00bb _builder_version=\u00bb3.6&#8243; background_color_gradient_direction=\u00bb90deg\u00bb module_alignment=\u00bbcenter\u00bb disabled=\u00bboff\u00bb disabled_on=\u00bb||off\u00bb][et_pb_column type=\u00bb4_4&#8243;][et_pb_text _builder_version=\u00bb3.6&#8243;] Col\u00b7labora [\/et_pb_text][\/et_pb_column][\/et_pb_row][et_pb_row make_equal=\u00bbon\u00bb module_class_2=\u00bbds-vertical-align\u00bb _builder_version=\u00bb3.6&#8243; module_alignment=\u00bbcenter\u00bb background_color=\u00bb#ffffff\u00bb background_color_1=\u00bb#ffffff\u00bb border_width_all=\u00bb1px\u00bb][et_pb_column type=\u00bb1_2&#8243;][et_pb_image _builder_version=\u00bb3.6&#8243; src=\u00bbhttp:\/\/www.coma14teatro.com\/wp-content\/uploads\/2018\/10\/logo-com-madrid-cat-2-e1648468209302.jpg\u00bb align=\u00bbcenter\u00bb max_width=\u00bb20%\u00bb \/][\/et_pb_column][et_pb_column type=\u00bb1_2&#8243;][et_pb_image _builder_version=\u00bb3.6&#8243; src=\u00bbhttp:\/\/www.coma14teatro.com\/wp-content\/uploads\/2018\/02\/coma14-fondo-1080&#215;1080-01-e1538717025589.png\u00bb align=\u00bbcenter\u00bb max_width=\u00bb20%\u00bb \/][\/et_pb_column][\/et_pb_row][et_pb_row custom_padding=\u00bb|||\u00bb make_equal=\u00bbon\u00bb module_class_1=\u00bbds-vertical-align\u00bb module_class_2=\u00bbds-vertical-align\u00bb _builder_version=\u00bb3.6&#8243; module_alignment=\u00bbcenter\u00bb][et_pb_column type=\u00bb4_4&#8243;][et_pb_text admin_label=\u00bbTITULO FICHA ARTISTICA ESCRITORIO\u00bb _builder_version=\u00bb3.6&#8243;]<\/p>\n<div class=\"page\" style=\"text-align: justify;\" title=\"Page 2\">\n<div class=\"layoutArea\">\n<div class=\"column\">\n<h3><b style=\"font-size: 25px;\">FITXA ART\u00cdSTICA<\/b><\/h3>\n<div class=\"page\" title=\"Page 2\">\n<div class=\"layoutArea\">\n<div class=\"column\">\n<h3>Los girasoles ciegos<\/h3>\n<h3><strong>Alberto M\u00e9ndez<\/strong><\/h3>\n<\/div>\n<\/div>\n<\/div>\n<\/div>\n<\/div>\n<\/div>\n<p>[\/et_pb_text][\/et_pb_column][\/et_pb_row][et_pb_row custom_padding=\u00bb25px|0px|25px|0px|false|false\u00bb make_equal=\u00bbon\u00bb use_background_color_gradient_1=\u00bbon\u00bb use_background_color_gradient_2=\u00bbon\u00bb background_color_gradient_start_1=\u00bb#d6901e\u00bb background_color_gradient_start_2=\u00bb#d6901e\u00bb background_color_gradient_end_1=\u00bb#ffffff\u00bb background_color_gradient_end_2=\u00bb#ffffff\u00bb background_color_gradient_direction_1=\u00bb90deg\u00bb background_color_gradient_direction_2=\u00bb90deg\u00bb background_color_gradient_start_position_1=\u00bb0%\u00bb background_color_gradient_start_position_2=\u00bb0%\u00bb background_color_gradient_end_position_1=\u00bb1%\u00bb background_color_gradient_end_position_2=\u00bb1%\u00bb background_color_gradient_overlays_image_1=\u00bboff\u00bb _builder_version=\u00bb3.6&#8243; background_color_gradient_direction=\u00bb90deg\u00bb module_alignment=\u00bbcenter\u00bb][et_pb_column type=\u00bb1_2&#8243;][et_pb_text admin_label=\u00bbFICHA ARTISTICA 1 ESCRITORIO\u00bb _builder_version=\u00bb3.6&#8243; custom_padding=\u00bb|||15px\u00bb]<\/p>\n<h1><span style=\"color: #000000; font-size: 20px; line-height: 1;\">Int\u00e8rprets<strong><br \/>\nLeticia Alejos <br \/>\nMiguel \u00c1lvarez | Pedro Almagro<br \/>\nPatxi Freytez | Lidia Ot\u00f3n<br \/>\n<\/strong><\/span><strong style=\"color: #000000; font-size: 20px;\">Xisca Ferr\u00e0 | Marta G\u00f3mez\u00a0<br \/>\n<\/strong><strong style=\"color: #000000; font-size: 20px;\">Vera Gonz\u00e1lez<\/strong><\/h1>\n<h1><span style=\"color: #000000; font-size: 20px; line-heignt: 1;\">Direcci\u00f3<strong><br \/>\nTolo Ferr\u00e0<\/strong><br \/>\n<\/span><\/h1>\n<h1><span style=\"color: #000000; font-size: 20px; line-heignt: 1;\">Versi\u00f3<br \/>\n<strong>Nuria Hernando | Tolo Ferr\u00e0<\/strong><br \/>\n<\/span><\/h1>\n<h1><span style=\"color: #000000; font-size: 20px; line-heignt: 1;\">Escenografia<br \/>\n<strong>Susana de U\u00f1a<\/strong><br \/>\n<\/span><\/h1>\n<h1><span style=\"color: #000000; font-size: 20px; line-heignt: 1;\">Il\u00b7luminaci\u00f3<br \/>\n<strong>Roberto Cerd\u00e1<\/strong><\/span><\/h1>\n<h1>\u00a0<\/h1>\n<p>[\/et_pb_text][\/et_pb_column][et_pb_column type=\u00bb1_2&#8243;][et_pb_text admin_label=\u00bbFICHA ARTISTICA 2 ESCRITORIO\u00bb _builder_version=\u00bb3.6&#8243; custom_margin=\u00bb|||15px\u00bb]<\/p>\n<h1><span style=\"color: #000000; font-size: 20px; line-height: 1;\">Composici\u00f3n musical<strong> <br \/>\nIv\u00e1n Palomares<\/strong><br \/>\n<\/span><\/h1>\n<h1><span style=\"color: #000000; font-size: 20px; line-heignt: 1;\">Espacio sonoro directo<strong> <br \/>\nOdin Kaban<\/strong><br \/>\n<\/span><\/h1>\n<h1><span style=\"color: #000000; font-size: 20px; line-heignt: 1;\">Coreograf\u00eda <br \/>\n<strong>Marta G\u00f3mez<\/strong><br \/>\n<\/span><\/h1>\n<h1><span style=\"color: #000000; font-size: 20px; line-heignt: 1;\">Vestuario <br \/>\n<strong>Marta Alonso<\/strong><br \/>\n<\/span><\/h1>\n<h1><span style=\"color: #000000; font-size: 20px; line-heignt: 1;\">Fotograf\u00edas <br \/>\n<strong>Ray Garc\u00eda<\/strong><\/span><\/h1>\n<h1><span style=\"color: #000000; font-size: 20px; line-heignt: 1;\">Producci\u00f3n<br \/>\n<strong>Coma14<\/strong><\/span><\/h1>\n<h1><span style=\"color: #000000; font-size: 20px; line-heignt: 1;\">Con el apoyo de <br \/>\n<strong>la Comunidad de Madrid<\/strong><\/span><\/h1>\n<h1><span style=\"color: #000000; font-size: 20px; line-heignt: 1;\">Distribuci\u00f3n<br \/>\n<strong>I\u00f1aki D\u00edez<\/strong><\/span><\/h1>\n<p>[\/et_pb_text][\/et_pb_column][\/et_pb_row][et_pb_row _builder_version=\u00bb3.0.74&#8243;][et_pb_column type=\u00bb4_4&#8243;][et_pb_gallery gallery_ids=\u00bb1043,1046,1045,1044,1050,1051,1052,1053,1048,1047,1054&#8243; gallery_captions=\u00bb,,,,,,,,,,\u00bb posts_number=\u00bb11&#8243; db_image_max_height_tablet=\u00bb501&#8243; db_image_center_titles=\u00bbleft\u00bb db_image_object_fit=\u00bbinitial\u00bb orientation=\u00bbportrait\u00bb show_title_and_caption=\u00bboff\u00bb show_pagination=\u00bboff\u00bb _builder_version=\u00bb3.0.74&#8243; pagination_font_size_tablet=\u00bb51&#8243; pagination_line_height_tablet=\u00bb2&#8243; \/][\/et_pb_column][\/et_pb_row][\/et_pb_section]<\/p>\n","protected":false},"excerpt":{"rendered":"<p>[et_pb_section fb_built=\u00bb1&#8243; disabled_on=\u00bboff|off|off\u00bb _builder_version=\u00bb3.6&#8243; background_image=\u00bbhttp:\/\/www.coma14teatro.dev.cc\/wp-content\/uploads\/2018\/02\/coma14-fondo-1080&#215;1080.jpg\u00bb parallax=\u00bbon\u00bb parallax_method=\u00bboff\u00bb custom_padding=\u00bb0px|0|0px|0px|&#8230;<\/p>\n","protected":false},"author":1,"featured_media":0,"parent":0,"menu_order":0,"comment_status":"closed","ping_status":"closed","template":"","meta":{"footnotes":""},"aioseo_notices":[],"_links":{"self":[{"href":"https:\/\/www.coma14teatro.com\/ca\/wp-json\/wp\/v2\/pages\/1304"}],"collection":[{"href":"https:\/\/www.coma14teatro.com\/ca\/wp-json\/wp\/v2\/pages"}],"about":[{"href":"https:\/\/www.coma14teatro.com\/ca\/wp-json\/wp\/v2\/types\/page"}],"author":[{"embeddable":true,"href":"https:\/\/www.coma14teatro.com\/ca\/wp-json\/wp\/v2\/users\/1"}],"replies":[{"embeddable":true,"href":"https:\/\/www.coma14teatro.com\/ca\/wp-json\/wp\/v2\/comments?post=1304"}],"version-history":[{"count":215,"href":"https:\/\/www.coma14teatro.com\/ca\/wp-json\/wp\/v2\/pages\/1304\/revisions"}],"predecessor-version":[{"id":2862,"href":"https:\/\/www.coma14teatro.com\/ca\/wp-json\/wp\/v2\/pages\/1304\/revisions\/2862"}],"wp:attachment":[{"href":"https:\/\/www.coma14teatro.com\/ca\/wp-json\/wp\/v2\/media?parent=1304"}],"curies":[{"name":"wp","href":"https:\/\/api.w.org\/{rel}","templated":true}]}}